{"id":6704,"date":"2026-09-04T15:32:45","date_gmt":"2026-09-04T13:32:45","guid":{"rendered":"https:\/\/club-agile-normandie.fr\/?page_id=6704"},"modified":"2026-09-04T15:34:07","modified_gmt":"2026-09-04T13:34:07","slug":"retour-sur-le-printemps-agile-2026","status":"publish","type":"page","link":"https:\/\/club-agile-normandie.fr\/?page_id=6704","title":{"rendered":"Retour sur le Printemps Agile 2026"},"content":{"rendered":"\n<figure class=\"wp-block-image size-large\"><img loading=\"lazy\" decoding=\"async\" width=\"1024\" height=\"256\" src=\"https:\/\/club-agile-normandie.fr\/wp-content\/uploads\/2025\/09\/PA2026_Bandeau_v2-1024x256.jpg\" alt=\"\" class=\"wp-image-6387\" srcset=\"https:\/\/club-agile-normandie.fr\/wp-content\/uploads\/2025\/09\/PA2026_Bandeau_v2-1024x256.jpg 1024w, https:\/\/club-agile-normandie.fr\/wp-content\/uploads\/2025\/09\/PA2026_Bandeau_v2-300x75.jpg 300w, https:\/\/club-agile-normandie.fr\/wp-content\/uploads\/2025\/09\/PA2026_Bandeau_v2-768x192.jpg 768w, https:\/\/club-agile-normandie.fr\/wp-content\/uploads\/2025\/09\/PA2026_Bandeau_v2-1536x384.jpg 1536w, https:\/\/club-agile-normandie.fr\/wp-content\/uploads\/2025\/09\/PA2026_Bandeau_v2.jpg 1584w\" sizes=\"auto, (max-width: 1024px) 100vw, 1024px\" \/><\/figure>\n\n\n<div class=\"gb-container gb-container-8685fdb4\">\n<div class=\"gb-container gb-container-74ce15f7\">\n<div class=\"gb-container gb-container-5ff0b9f5\">\n\n<p class=\"wp-block-paragraph\"><\/p>\n\n\n\n<h2 class=\"wp-block-heading has-text-align-center animated backInDown slow has-contrast-color has-contrast-3-background-color has-text-color has-background has-link-color wp-elements-1\"><strong><a href=\"https:\/\/www.canal-u.tv\/chaines\/cemu\/printemps-agile-2026-tenir-le-cap-de-l-agilite\" target=\"_blank\" rel=\"noopener\">BONNE NOUVELLE :<br>Les vid\u00e9os des conf\u00e9rences du 24 mars 2026 sont en ligne !<\/a><\/strong><\/h2>\n\n<\/div>\n<\/div>\n<\/div>\n\n\n<p class=\"wp-block-paragraph\"><\/p>\n\n\n\n<h2 class=\"wp-block-heading\">Merci \u00e0 tous :<\/h2>\n\n\n\n<p class=\"wp-block-paragraph\">\ud83d\ude4c&nbsp;A vous participants&nbsp;! Vous avez \u00e9t\u00e9 pr\u00e8s de 500 \u00e0 vivre cette journ\u00e9e in\u00e9dite sous le th\u00e8me de Tenir le cap de l&rsquo;Agilit\u00e9 !<br>\ud83c\udfa4 Aux 49 Orateurs qui sont venus partager leur passion&nbsp;!!<br>\ud83d\udc55\ufe0f Aux 80 B\u00e9n\u00e9voles (vous savez, les t-shirts oranges)&nbsp;sans qui l&rsquo;\u00e9v\u00e9nement n&rsquo;aurait pas lieu <br>\ud83e\udd1d A nos 12 Partenaires qui contribuent \u00e0 maintenir un \u00e9v\u00e9nement gratuit <br>\ud83d\udc65 A tous les adh\u00e9rents et membres du Club Agile Normandie : n&rsquo;h\u00e9sitez pas \u00e0 nous rejoindre, l&rsquo;adh\u00e9sion n&rsquo;est que de 10\u20ac<br>\ud83c\udfe2 et un immense merci \u00e0 toute l&rsquo;\u00e9quipe du&nbsp;<a href=\"https:\/\/www.linkedin.com\/company\/moho-nation\/\" target=\"_blank\" rel=\"noreferrer noopener\">MoHo<\/a>&nbsp;pour leur disponibilit\u00e9 dans ce cadre de qualit\u00e9<\/p>\n\n\n\n<p class=\"wp-block-paragraph\">et MERCI pour votre implication et votre bonne humeur ! \ud83d\ude0a<\/p>\n\n\n\n<p class=\"wp-block-paragraph\">Nous avons v\u00e9cu avec vous : <br><br>12 conf\u00e9rences<br>22 ateliers interactifs<br>1 Session pl\u00e9ni\u00e8re d&rsquo;ouverture et 1 cl\u00f4ture<\/p>\n\n\n\n<div class=\"wp-block-buttons is-layout-flex wp-block-buttons-is-layout-flex\">\n<div class=\"wp-block-button\"><a class=\"wp-block-button__link wp-element-button\" href=\"https:\/\/club-agile-normandie.fr\/?page_id=6453\" style=\"border-radius:0px\" target=\"_blank\" rel=\"noreferrer noopener\">Le programme du 24 mars 2026 &gt;<\/a><\/div>\n\n\n\n<div class=\"wp-block-button\"><a class=\"wp-block-button__link wp-element-button\" href=\"https:\/\/www.canal-u.tv\/chaines\/cemu\/printemps-agile-2026-tenir-le-cap-de-l-agilite\" style=\"border-radius:0px\">Lien vers les vid\u00e9os des conf\u00e9rences &gt;<\/a><\/div>\n<\/div>\n\n\n\n<p class=\"wp-block-paragraph\"><\/p>\n\n\n<div class=\"gb-grid-wrapper gb-grid-wrapper-a47b843b\">\n<div class=\"gb-grid-column gb-grid-column-b24e7b14\"><div class=\"gb-container gb-container-b24e7b14\">\n\n<figure class=\"gb-block-image gb-block-image-ed57f7b4\"><img loading=\"lazy\" decoding=\"async\" width=\"2000\" height=\"1600\" class=\"gb-image gb-image-ed57f7b4\" src=\"https:\/\/club-agile-normandie.fr\/wp-content\/uploads\/2026\/09\/Montage-Photo-Vision-Board-Moderne-Minimaliste-Beige-Noir-3.jpg\" alt=\"\" title=\"Montage Photo Vision Board Moderne Minimaliste Beige Noir (3)\" srcset=\"https:\/\/club-agile-normandie.fr\/wp-content\/uploads\/2026\/09\/Montage-Photo-Vision-Board-Moderne-Minimaliste-Beige-Noir-3.jpg 2000w, https:\/\/club-agile-normandie.fr\/wp-content\/uploads\/2026\/09\/Montage-Photo-Vision-Board-Moderne-Minimaliste-Beige-Noir-3-300x240.jpg 300w, https:\/\/club-agile-normandie.fr\/wp-content\/uploads\/2026\/09\/Montage-Photo-Vision-Board-Moderne-Minimaliste-Beige-Noir-3-1024x819.jpg 1024w, https:\/\/club-agile-normandie.fr\/wp-content\/uploads\/2026\/09\/Montage-Photo-Vision-Board-Moderne-Minimaliste-Beige-Noir-3-768x614.jpg 768w, https:\/\/club-agile-normandie.fr\/wp-content\/uploads\/2026\/09\/Montage-Photo-Vision-Board-Moderne-Minimaliste-Beige-Noir-3-1536x1229.jpg 1536w\" sizes=\"auto, (max-width: 2000px) 100vw, 2000px\" \/><\/figure>\n\n<\/div><\/div>\n<\/div>","protected":false},"excerpt":{"rendered":"<p>BONNE NOUVELLE :Les vid\u00e9os des conf\u00e9rences du 24 mars 2026 sont en ligne ! Merci \u00e0 tous : \ud83d\ude4c&nbsp;A vous participants&nbsp;! Vous avez \u00e9t\u00e9 pr\u00e8s de 500 \u00e0 vivre cette journ\u00e9e in\u00e9dite sous le th\u00e8me de Tenir le cap de l&rsquo;Agilit\u00e9 !\ud83c\udfa4 Aux 49 Orateurs qui sont venus partager leur passion&nbsp;!!\ud83d\udc55\ufe0f Aux 80 B\u00e9n\u00e9voles (vous &#8230; <a title=\"Retour sur le Printemps Agile 2026\" class=\"read-more\" href=\"https:\/\/club-agile-normandie.fr\/?page_id=6704\" aria-label=\"Plus sur Retour sur le Printemps Agile 2026\">Lire plus<\/a><\/p>\n","protected":false},"author":7,"featured_media":0,"parent":0,"menu_order":0,"comment_status":"closed","ping_status":"closed","template":"","meta":{"_themeisle_gutenberg_block_has_review":false,"footnotes":""},"class_list":["post-6704","page","type-page","status-publish"],"_links":{"self":[{"href":"https:\/\/club-agile-normandie.fr\/index.php?rest_route=\/wp\/v2\/pages\/6704","targetHints":{"allow":["GET"]}}],"collection":[{"href":"https:\/\/club-agile-normandie.fr\/index.php?rest_route=\/wp\/v2\/pages"}],"about":[{"href":"https:\/\/club-agile-normandie.fr\/index.php?rest_route=\/wp\/v2\/types\/page"}],"author":[{"embeddable":true,"href":"https:\/\/club-agile-normandie.fr\/index.php?rest_route=\/wp\/v2\/users\/7"}],"replies":[{"embeddable":true,"href":"https:\/\/club-agile-normandie.fr\/index.php?rest_route=%2Fwp%2Fv2%2Fcomments&post=6704"}],"version-history":[{"count":5,"href":"https:\/\/club-agile-normandie.fr\/index.php?rest_route=\/wp\/v2\/pages\/6704\/revisions"}],"predecessor-version":[{"id":6711,"href":"https:\/\/club-agile-normandie.fr\/index.php?rest_route=\/wp\/v2\/pages\/6704\/revisions\/6711"}],"wp:attachment":[{"href":"https:\/\/club-agile-normandie.fr\/index.php?rest_route=%2Fwp%2Fv2%2Fmedia&parent=6704"}],"curies":[{"name":"wp","href":"https:\/\/api.w.org\/{rel}","templated":true}]}}