{"id":6268,"date":"2025-04-28T18:48:10","date_gmt":"2025-04-28T16:48:10","guid":{"rendered":"https:\/\/club-agile-normandie.fr\/?page_id=6268"},"modified":"2025-09-15T16:10:04","modified_gmt":"2025-09-15T14:10:04","slug":"retour-sur-le-printemps-agile-2025","status":"publish","type":"page","link":"https:\/\/club-agile-normandie.fr\/?page_id=6268","title":{"rendered":"Retour sur le Printemps Agile 2025"},"content":{"rendered":"\n<figure class=\"wp-block-image size-large\"><img loading=\"lazy\" decoding=\"async\" width=\"1024\" height=\"224\" src=\"https:\/\/club-agile-normandie.fr\/wp-content\/uploads\/2024\/10\/BANDEAU-SITE-PA2025_V4-1024x224.png\" alt=\"\" class=\"wp-image-5855\" srcset=\"https:\/\/club-agile-normandie.fr\/wp-content\/uploads\/2024\/10\/BANDEAU-SITE-PA2025_V4-1024x224.png 1024w, https:\/\/club-agile-normandie.fr\/wp-content\/uploads\/2024\/10\/BANDEAU-SITE-PA2025_V4-300x66.png 300w, https:\/\/club-agile-normandie.fr\/wp-content\/uploads\/2024\/10\/BANDEAU-SITE-PA2025_V4-768x168.png 768w, https:\/\/club-agile-normandie.fr\/wp-content\/uploads\/2024\/10\/BANDEAU-SITE-PA2025_V4.png 1280w\" sizes=\"auto, (max-width: 1024px) 100vw, 1024px\" \/><\/figure>\n\n\n<div class=\"gb-container gb-container-8685fdb4\">\n<div class=\"gb-container gb-container-74ce15f7\">\n<div class=\"gb-container gb-container-5ff0b9f5\">\n\n<p><\/p>\n\n\n\n<h2 class=\"wp-block-heading has-text-align-center animated backInDown slow has-contrast-color has-contrast-3-background-color has-text-color has-background has-link-color wp-elements-677ead1fece200341e007bb3d8e682d3\"><strong><a href=\"https:\/\/www.canal-u.tv\/chaines\/cemu\/printemps-agile-2025\" target=\"_blank\" rel=\"noreferrer noopener\">BONNE NOUVELLE :<br>Les vid\u00e9os des conf\u00e9rences du 25 mars 2025 sont en ligne !<\/a><\/strong><\/h2>\n\n<\/div>\n<\/div>\n<\/div>\n\n\n<p><\/p>\n\n\n\n<h2 class=\"wp-block-heading\">Merci \u00e0 tous :<\/h2>\n\n\n\n<p>\ud83d\ude4c&nbsp;A vous participants&nbsp;! Vous avez \u00e9t\u00e9 plus de 400 \u00e0 vivre cette journ\u00e9e in\u00e9dite sous le th\u00e8me du Mill\u00e9naire de l&rsquo;Agilit\u00e9 !<br>\ud83c\udfa4 Aux 40 Orateurs qui sont venus partager leur passion&nbsp;<br>\ud83d\udc55\ufe0f Aux 80 B\u00e9n\u00e9voles (vous savez, les t-shirts oranges)&nbsp;sans qui l&rsquo;\u00e9v\u00e9nement n&rsquo;aurait pas lieu <br>\ud83e\udd1d A nos 14 Partenaires qui contribuent \u00e0 maintenir un \u00e9v\u00e9nement gratuit <br>\ud83c\udfa8 Aux artistes du sketchnoting et la r\u00e9alisation de la superbe Fresque du Mill\u00e9naire de l&rsquo;Agilit\u00e9 !<br>\ud83d\udc65 A tous les adh\u00e9rents et membres du Club Agile Normandie : n&rsquo;h\u00e9sitez pas \u00e0 nous rejoindre, l&rsquo;adh\u00e9sion n&rsquo;est que de 10\u20ac<br>\ud83c\udfe2 et un immense merci \u00e0 toute l&rsquo;\u00e9quipe du&nbsp;<a href=\"https:\/\/www.linkedin.com\/company\/moho-nation\/\" target=\"_blank\" rel=\"noreferrer noopener\">MoHo<\/a>&nbsp;pour leur disponibilit\u00e9 dans ce cadre de qualit\u00e9<\/p>\n\n\n\n<p>et MERCI pour votre implication et votre bonne humeur ! \ud83d\ude0a<\/p>\n\n\n\n<p>Nous avons v\u00e9cu avec vous : <br><br>12 conf\u00e9rences<br>21 ateliers interactifs<br>1 ouverture et 1 cl\u00f4ture <\/p>\n\n\n\n<div class=\"wp-block-buttons is-layout-flex wp-block-buttons-is-layout-flex\">\n<div class=\"wp-block-button\"><a class=\"wp-block-button__link wp-element-button\" href=\"https:\/\/club-agile-normandie.fr\/?page_id=5766\" style=\"border-radius:0px\" target=\"_blank\" rel=\"noreferrer noopener\">Le programme du 25 mars 2025 ><\/a><\/div>\n<\/div>\n\n\n<div class=\"gb-grid-wrapper gb-grid-wrapper-a47b843b\">\n<div class=\"gb-grid-column gb-grid-column-b24e7b14\"><div class=\"gb-container gb-container-b24e7b14\">\n\n<figure class=\"gb-block-image gb-block-image-ed57f7b4\"><img loading=\"lazy\" decoding=\"async\" width=\"2000\" height=\"1600\" class=\"gb-image gb-image-ed57f7b4\" src=\"https:\/\/club-agile-normandie.fr\/wp-content\/uploads\/2025\/04\/Compil-Photos-PA2025-pour-site.jpg\" alt=\"\" title=\"Compil Photos PA2025 pour site\" srcset=\"https:\/\/club-agile-normandie.fr\/wp-content\/uploads\/2025\/04\/Compil-Photos-PA2025-pour-site.jpg 2000w, https:\/\/club-agile-normandie.fr\/wp-content\/uploads\/2025\/04\/Compil-Photos-PA2025-pour-site-300x240.jpg 300w, https:\/\/club-agile-normandie.fr\/wp-content\/uploads\/2025\/04\/Compil-Photos-PA2025-pour-site-1024x819.jpg 1024w, https:\/\/club-agile-normandie.fr\/wp-content\/uploads\/2025\/04\/Compil-Photos-PA2025-pour-site-768x614.jpg 768w, https:\/\/club-agile-normandie.fr\/wp-content\/uploads\/2025\/04\/Compil-Photos-PA2025-pour-site-1536x1229.jpg 1536w\" sizes=\"auto, (max-width: 2000px) 100vw, 2000px\" \/><\/figure>\n\n<\/div><\/div>\n<\/div>","protected":false},"excerpt":{"rendered":"<p>BONNE NOUVELLE :Les vid\u00e9os des conf\u00e9rences du 25 mars 2025 sont en ligne ! Merci \u00e0 tous : \ud83d\ude4c&nbsp;A vous participants&nbsp;! Vous avez \u00e9t\u00e9 plus de 400 \u00e0 vivre cette journ\u00e9e in\u00e9dite sous le th\u00e8me du Mill\u00e9naire de l&rsquo;Agilit\u00e9 !\ud83c\udfa4 Aux 40 Orateurs qui sont venus partager leur passion&nbsp;\ud83d\udc55\ufe0f Aux 80 B\u00e9n\u00e9voles (vous savez, les &#8230; <a title=\"Retour sur le Printemps Agile 2025\" class=\"read-more\" href=\"https:\/\/club-agile-normandie.fr\/?page_id=6268\" aria-label=\"Plus sur Retour sur le Printemps Agile 2025\">Lire plus<\/a><\/p>\n","protected":false},"author":7,"featured_media":0,"parent":0,"menu_order":0,"comment_status":"closed","ping_status":"closed","template":"","meta":{"_themeisle_gutenberg_block_has_review":false,"footnotes":""},"class_list":["post-6268","page","type-page","status-publish"],"_links":{"self":[{"href":"https:\/\/club-agile-normandie.fr\/index.php?rest_route=\/wp\/v2\/pages\/6268","targetHints":{"allow":["GET"]}}],"collection":[{"href":"https:\/\/club-agile-normandie.fr\/index.php?rest_route=\/wp\/v2\/pages"}],"about":[{"href":"https:\/\/club-agile-normandie.fr\/index.php?rest_route=\/wp\/v2\/types\/page"}],"author":[{"embeddable":true,"href":"https:\/\/club-agile-normandie.fr\/index.php?rest_route=\/wp\/v2\/users\/7"}],"replies":[{"embeddable":true,"href":"https:\/\/club-agile-normandie.fr\/index.php?rest_route=%2Fwp%2Fv2%2Fcomments&post=6268"}],"version-history":[{"count":9,"href":"https:\/\/club-agile-normandie.fr\/index.php?rest_route=\/wp\/v2\/pages\/6268\/revisions"}],"predecessor-version":[{"id":6392,"href":"https:\/\/club-agile-normandie.fr\/index.php?rest_route=\/wp\/v2\/pages\/6268\/revisions\/6392"}],"wp:attachment":[{"href":"https:\/\/club-agile-normandie.fr\/index.php?rest_route=%2Fwp%2Fv2%2Fmedia&parent=6268"}],"curies":[{"name":"wp","href":"https:\/\/api.w.org\/{rel}","templated":true}]}}